{"id":9478,"date":"2024-08-15T13:26:19","date_gmt":"2024-08-15T10:26:19","guid":{"rendered":"https:\/\/www.thewind.fi\/?page_id=9478"},"modified":"2024-12-19T15:35:46","modified_gmt":"2024-12-19T13:35:46","slug":"pq-positive-intelligence-webinaarit-ilmoittaudu","status":"publish","type":"page","link":"https:\/\/www.thewind.fi\/en\/pq-positive-intelligence-webinaarit-ilmoittaudu\/","title":{"rendered":"PQ Caf\u00e9 webinaarit &#8211; ilmoittaudu"},"content":{"rendered":"<div class=\"wpb-content-wrapper\"><p>[vc_row full_width=&#8221;stretch_row_content_no_spaces&#8221;][vc_column][vc_single_image image=&#8221;6590&#8243; img_size=&#8221;full&#8221; alignment=&#8221;center&#8221;][\/vc_column][\/vc_row][vc_row row_content_width=&#8221;grid&#8221; css=&#8221;.vc_custom_1526461245354{padding-top: 63px !important;padding-bottom: 92px !important;}&#8221;][vc_column width=&#8221;2\/3&#8243; offset=&#8221;vc_col-lg-8 vc_col-md-12&#8243;]<div class=\"edgtf-elements-holder   edgtf-one-column  edgtf-responsive-mode-768 \" ><div class=\"edgtf-eh-item    \"  data-item-class=\"edgtf-eh-custom-3708\" data-1367-1600=\"0px 16px 0px 0px\" data-1025-1366=\"0 0\" data-769-1024=\"0px 0px 0px 0px\" data-681-768=\"0px 0px 0px 0px\" data-680=\"0px 0px 0px 0px\">\n    <div class=\"edgtf-eh-item-inner\">\n        <div class=\"edgtf-eh-item-content edgtf-eh-custom-3708\" style=\"padding: 0px 16px 0px 0px\">\n            [vc_column_text]<\/p>\n<h2>Ilmoittaudu mukaan PQ Caf\u00e9 Positive Intelligence webinaareihimme!<\/h2>\n<p>[\/vc_column_text][vc_empty_space][vc_column_text css=&#8221;&#8221;]<\/p>\n<h4>Ilmoittaudu mukaan, saat s\u00e4hk\u00f6postiisi vahvistuksen ilmoittautumisestasi ja Zoom-linkin jolla p\u00e4\u00e4set linjoille!<\/h4>\n<p>Webinaarit soveltuvat my\u00f6s PQ:sta kiinnostuneille uusille osallistuille, sellaisille, joilla PQ-harjoittelu on alussa tai sellaisille, jotka haluavat virkist\u00e4\u00e4 muistiaan PQ-harjoituksista. Jatkossa tapaamme kuukausittain, yhten\u00e4 perjantaina aina uudella PQ-teemalla.<\/p>\n<p>Aihealueet voivat hiukan muuttua ja p\u00e4ivitty\u00e4 toiveiden mukaan.<\/p>\n<p>Huomioithan, samalla linkill\u00e4 p\u00e4\u00e4set my\u00f6s seuraaviin tuleviin webinaareihimme joten tallennathan linkin sek\u00e4 nyt voit ilmoittautua kerralla moneen tulevaan webinaariimme!<\/p>\n<p><strong>L\u00e4mpim\u00e4sti tervetuloa PQ-harjoittelun ja coachingin avartavaan maailmaan!<\/strong>[\/vc_column_text][vc_empty_space][vc_column_text]Jos sinulla on kysytt\u00e4v\u00e4\u00e4 ilmoittautumisesta tai webinaareistamme, otathan yhteytt\u00e4: <a href=\"mailto:info@thewind.fi\">info@thewind.fi<\/a> tai <a href=\"mailto:sanni@thewind.fi\">sanni@thewind.fi<\/a><\/p>\n<p>[\/vc_column_text][vc_empty_space][vc_raw_html]JTNDZGl2JTIwaWQlM0QlMjJldmVudG9zLWZvcm0td2lkZ2V0JTIyJTNFJTNDJTJGZGl2JTNFJTNDc2NyaXB0JTNFdmFyJTIwZXZlbnRvc0Zvcm1TdHlsZXMlMjAlM0QlMjBkb2N1bWVudC5jcmVhdGVFbGVtZW50JTI4JTIybGluayUyMiUyOSUzQiUyMGV2ZW50b3NGb3JtU3R5bGVzLmhyZWYlMjAlM0QlMjAlMjJodHRwcyUzQSUyRiUyRmZvcm1zLmV2ZW50b3MuZmklMkZzdGF0aWMlMkZjc3MlMkZ3aWRnZXQuY3NzJTIyJTNCJTIwZXZlbnRvc0Zvcm1TdHlsZXMucmVsJTIwJTNEJTIwJTIyc3R5bGVzaGVldCUyMiUzQiUyMGRvY3VtZW50LmdldEVsZW1lbnRzQnlUYWdOYW1lJTI4JTIyaGVhZCUyMiUyOSU1QjAlNUQuYXBwZW5kQ2hpbGQlMjhldmVudG9zRm9ybVN0eWxlcyUyOSUzQnZhciUyMGV2ZW50b3NGb3JtU2NyaXB0JTIwJTNEJTIwZG9jdW1lbnQuY3JlYXRlRWxlbWVudCUyOCUyMnNjcmlwdCUyMiUyOSUzQiUyMGV2ZW50b3NGb3JtU2NyaXB0LnNyYyUyMCUzRCUyMCUyOCUyMmh0dHBzJTNBJTJGJTJGZm9ybXMuZXZlbnRvcy5maSUyRnN0YXRpYyUyRmpzJTJGd2lkZ2V0LmpzJTIyJTI5JTNCJTIwZG9jdW1lbnQuZ2V0RWxlbWVudHNCeVRhZ05hbWUlMjglMjJoZWFkJTIyJTI5JTVCMCU1RC5hcHBlbmRDaGlsZCUyOGV2ZW50b3NGb3JtU2NyaXB0JTI5JTNCJTIwZXZlbnRvc0Zvcm1TY3JpcHQub25sb2FkJTIwJTNEJTIwZnVuY3Rpb24lMjglMjklMjAlN0IlMjBldmVudG9zLmluaXRFdmVudG9zRm9ybSUyOCU3QmZvcm1JRCUzQSUyMCUyMmViZmNlZTAyLTQzNDMtMTFlZi05MDkxLWVlNmEwNDM3MWI4NSUyMiUyQyUyMGVudiUzQSUyMCUyMnByb2R1Y3Rpb24lMjIlN0QlMjklM0IlN0QlM0IlM0MlMkZzY3JpcHQlM0U=[\/vc_raw_html][vc_empty_space]        <\/div>\n    <\/div>\n<\/div><\/div>[\/vc_column][vc_column width=&#8221;1\/3&#8243; offset=&#8221;vc_col-lg-4 vc_col-md-12&#8243;][vc_empty_space height=&#8221;8px&#8221;][vc_single_image image=&#8221;6515&#8243; alignment=&#8221;center&#8221;][vc_column_text]Jos sinulla on kysytt\u00e4v\u00e4\u00e4 ilmoittautumisesta tai esimerkiksi webinaareiden aihesta, otathan yhteytt\u00e4: <a href=\"mailto:info@thewind.fi\">info@thewind.fi<\/a>[\/vc_column_text][vc_empty_space height=&#8221;8px&#8221;][vc_single_image image=&#8221;6447&#8243; alignment=&#8221;center&#8221;][\/vc_column][\/vc_row]<\/p>\n<\/div>","protected":false},"excerpt":{"rendered":"<p>[vc_row full_width=&#8221;stretch_row_content_no_spaces&#8221;][vc_column][vc_single_image image=&#8221;6590&#8243; img_size=&#8221;full&#8221; alignment=&#8221;center&#8221;][\/vc_column][\/vc_row][vc_row row_content_width=&#8221;grid&#8221; css=&#8221;.vc_custom_1526461245354{padding-top: 63px !important;padding-bottom: 92px !important;}&#8221;][vc_column width=&#8221;2\/3&#8243; offset=&#8221;vc_col-lg-8 vc_col-md-12&#8243;][\/vc_column][vc_column width=&#8221;1\/3&#8243; offset=&#8221;vc_col-lg-4 vc_col-md-12&#8243;][vc_empty_space height=&#8221;8px&#8221;][vc_single_image image=&#8221;6515&#8243; alignment=&#8221;center&#8221;][vc_column_text]Jos sinulla on kysytt\u00e4v\u00e4\u00e4 ilmoittautumisesta tai esimerkiksi webinaareiden aihesta, otathan yhteytt\u00e4: info@thewind.fi[\/vc_column_text][vc_empty_space height=&#8221;8px&#8221;][vc_single_image image=&#8221;6447&#8243; alignment=&#8221;center&#8221;][\/vc_column][\/vc_row]<\/p>\n","protected":false},"author":3,"featured_media":6447,"parent":0,"menu_order":0,"comment_status":"closed","ping_status":"closed","template":"full-width.php","meta":{"footnotes":""},"folder":[100],"class_list":["post-9478","page","type-page","status-publish","has-post-thumbnail","hentry"],"yoast_head":"<!-- This site is optimized with the Yoast SEO plugin v27.5 - https:\/\/yoast.com\/product\/yoast-seo-wordpress\/ -->\n<title>PQ Caf\u00e9 webinaarit - ilmoittaudu - Thewind<\/title>\n<meta name=\"robots\" content=\"index, follow, max-snippet:-1, max-image-preview:large, max-video-preview:-1\" \/>\n<link rel=\"canonical\" href=\"https:\/\/www.thewind.fi\/en\/pq-positive-intelligence-webinaarit-ilmoittaudu\/\" \/>\n<meta property=\"og:locale\" content=\"en_US\" \/>\n<meta property=\"og:type\" content=\"article\" \/>\n<meta property=\"og:title\" content=\"PQ Caf\u00e9 webinaarit - ilmoittaudu - Thewind\" \/>\n<meta property=\"og:description\" content=\"[vc_row full_width=&#8221;stretch_row_content_no_spaces&#8221;][vc_column][vc_single_image image=&#8221;6590&#8243; img_size=&#8221;full&#8221; alignment=&#8221;center&#8221;][\/vc_column][\/vc_row][vc_row row_content_width=&#8221;grid&#8221; css=&#8221;.vc_custom_1526461245354{padding-top: 63px !important;padding-bottom: 92px !important;}&#8221;][vc_column width=&#8221;2\/3&#8243; offset=&#8221;vc_col-lg-8 vc_col-md-12&#8243;][\/vc_column][vc_column width=&#8221;1\/3&#8243; offset=&#8221;vc_col-lg-4 vc_col-md-12&#8243;][vc_empty_space height=&#8221;8px&#8221;][vc_single_image image=&#8221;6515&#8243; alignment=&#8221;center&#8221;][vc_column_text]Jos sinulla on kysytt\u00e4v\u00e4\u00e4 ilmoittautumisesta tai esimerkiksi webinaareiden aihesta, otathan yhteytt\u00e4: info@thewind.fi[\/vc_column_text][vc_empty_space height=&#8221;8px&#8221;][vc_single_image image=&#8221;6447&#8243; alignment=&#8221;center&#8221;][\/vc_column][\/vc_row]\" \/>\n<meta property=\"og:url\" content=\"https:\/\/www.thewind.fi\/en\/pq-positive-intelligence-webinaarit-ilmoittaudu\/\" \/>\n<meta property=\"og:site_name\" content=\"Thewind\" \/>\n<meta property=\"article:publisher\" content=\"https:\/\/www.facebook.com\/thewindconsulting\/\" \/>\n<meta property=\"article:modified_time\" content=\"2024-12-19T13:35:46+00:00\" \/>\n<meta property=\"og:image\" content=\"https:\/\/www.thewind.fi\/thewind-fi\/wp-content\/uploads\/2023\/11\/PQ.jpg\" \/>\n\t<meta property=\"og:image:width\" content=\"756\" \/>\n\t<meta property=\"og:image:height\" content=\"756\" \/>\n\t<meta property=\"og:image:type\" content=\"image\/jpeg\" \/>\n<meta name=\"twitter:card\" content=\"summary_large_image\" \/>\n<meta name=\"twitter:label1\" content=\"Est. reading time\" \/>\n\t<meta name=\"twitter:data1\" content=\"2 minutes\" \/>\n<script type=\"application\/ld+json\" class=\"yoast-schema-graph\">{\"@context\":\"https:\\\/\\\/schema.org\",\"@graph\":[{\"@type\":\"WebPage\",\"@id\":\"https:\\\/\\\/www.thewind.fi\\\/en\\\/pq-positive-intelligence-webinaarit-ilmoittaudu\\\/\",\"url\":\"https:\\\/\\\/www.thewind.fi\\\/en\\\/pq-positive-intelligence-webinaarit-ilmoittaudu\\\/\",\"name\":\"PQ Caf\u00e9 webinaarit - ilmoittaudu - Thewind\",\"isPartOf\":{\"@id\":\"https:\\\/\\\/www.thewind.fi\\\/en\\\/#website\"},\"primaryImageOfPage\":{\"@id\":\"https:\\\/\\\/www.thewind.fi\\\/en\\\/pq-positive-intelligence-webinaarit-ilmoittaudu\\\/#primaryimage\"},\"image\":{\"@id\":\"https:\\\/\\\/www.thewind.fi\\\/en\\\/pq-positive-intelligence-webinaarit-ilmoittaudu\\\/#primaryimage\"},\"thumbnailUrl\":\"https:\\\/\\\/www.thewind.fi\\\/thewind-fi\\\/wp-content\\\/uploads\\\/2023\\\/11\\\/PQ.jpg\",\"datePublished\":\"2024-08-15T10:26:19+00:00\",\"dateModified\":\"2024-12-19T13:35:46+00:00\",\"breadcrumb\":{\"@id\":\"https:\\\/\\\/www.thewind.fi\\\/en\\\/pq-positive-intelligence-webinaarit-ilmoittaudu\\\/#breadcrumb\"},\"inLanguage\":\"en-US\",\"potentialAction\":[{\"@type\":\"ReadAction\",\"target\":[\"https:\\\/\\\/www.thewind.fi\\\/en\\\/pq-positive-intelligence-webinaarit-ilmoittaudu\\\/\"]}]},{\"@type\":\"ImageObject\",\"inLanguage\":\"en-US\",\"@id\":\"https:\\\/\\\/www.thewind.fi\\\/en\\\/pq-positive-intelligence-webinaarit-ilmoittaudu\\\/#primaryimage\",\"url\":\"https:\\\/\\\/www.thewind.fi\\\/thewind-fi\\\/wp-content\\\/uploads\\\/2023\\\/11\\\/PQ.jpg\",\"contentUrl\":\"https:\\\/\\\/www.thewind.fi\\\/thewind-fi\\\/wp-content\\\/uploads\\\/2023\\\/11\\\/PQ.jpg\",\"width\":756,\"height\":756,\"caption\":\"PQ Positive Intelligence logo\"},{\"@type\":\"BreadcrumbList\",\"@id\":\"https:\\\/\\\/www.thewind.fi\\\/en\\\/pq-positive-intelligence-webinaarit-ilmoittaudu\\\/#breadcrumb\",\"itemListElement\":[{\"@type\":\"ListItem\",\"position\":1,\"name\":\"Home\",\"item\":\"https:\\\/\\\/www.thewind.fi\\\/en\\\/\"},{\"@type\":\"ListItem\",\"position\":2,\"name\":\"PQ Caf\u00e9 webinaarit &#8211; ilmoittaudu\"}]},{\"@type\":\"WebSite\",\"@id\":\"https:\\\/\\\/www.thewind.fi\\\/en\\\/#website\",\"url\":\"https:\\\/\\\/www.thewind.fi\\\/en\\\/\",\"name\":\"Thewind\",\"description\":\"Lift people and business.\",\"publisher\":{\"@id\":\"https:\\\/\\\/www.thewind.fi\\\/en\\\/#organization\"},\"potentialAction\":[{\"@type\":\"SearchAction\",\"target\":{\"@type\":\"EntryPoint\",\"urlTemplate\":\"https:\\\/\\\/www.thewind.fi\\\/en\\\/?s={search_term_string}\"},\"query-input\":{\"@type\":\"PropertyValueSpecification\",\"valueRequired\":true,\"valueName\":\"search_term_string\"}}],\"inLanguage\":\"en-US\"},{\"@type\":\"Organization\",\"@id\":\"https:\\\/\\\/www.thewind.fi\\\/en\\\/#organization\",\"name\":\"Thewind Oy\",\"url\":\"https:\\\/\\\/www.thewind.fi\\\/en\\\/\",\"logo\":{\"@type\":\"ImageObject\",\"inLanguage\":\"en-US\",\"@id\":\"https:\\\/\\\/www.thewind.fi\\\/en\\\/#\\\/schema\\\/logo\\\/image\\\/\",\"url\":\"https:\\\/\\\/www.thewind.fi\\\/thewind-fi\\\/wp-content\\\/uploads\\\/2022\\\/01\\\/Thewind-coaching_139_410x182.png\",\"contentUrl\":\"https:\\\/\\\/www.thewind.fi\\\/thewind-fi\\\/wp-content\\\/uploads\\\/2022\\\/01\\\/Thewind-coaching_139_410x182.png\",\"width\":410,\"height\":182,\"caption\":\"Thewind Oy\"},\"image\":{\"@id\":\"https:\\\/\\\/www.thewind.fi\\\/en\\\/#\\\/schema\\\/logo\\\/image\\\/\"},\"sameAs\":[\"https:\\\/\\\/www.facebook.com\\\/thewindconsulting\\\/\",\"https:\\\/\\\/www.instagram.com\\\/thewindconsulting\\\/\",\"https:\\\/\\\/www.linkedin.com\\\/company\\\/thewind\"]}]}<\/script>\n<!-- \/ Yoast SEO plugin. -->","yoast_head_json":{"title":"PQ Caf\u00e9 webinaarit - ilmoittaudu - Thewind","robots":{"index":"index","follow":"follow","max-snippet":"max-snippet:-1","max-image-preview":"max-image-preview:large","max-video-preview":"max-video-preview:-1"},"canonical":"https:\/\/www.thewind.fi\/en\/pq-positive-intelligence-webinaarit-ilmoittaudu\/","og_locale":"en_US","og_type":"article","og_title":"PQ Caf\u00e9 webinaarit - ilmoittaudu - Thewind","og_description":"[vc_row full_width=&#8221;stretch_row_content_no_spaces&#8221;][vc_column][vc_single_image image=&#8221;6590&#8243; img_size=&#8221;full&#8221; alignment=&#8221;center&#8221;][\/vc_column][\/vc_row][vc_row row_content_width=&#8221;grid&#8221; css=&#8221;.vc_custom_1526461245354{padding-top: 63px !important;padding-bottom: 92px !important;}&#8221;][vc_column width=&#8221;2\/3&#8243; offset=&#8221;vc_col-lg-8 vc_col-md-12&#8243;][\/vc_column][vc_column width=&#8221;1\/3&#8243; offset=&#8221;vc_col-lg-4 vc_col-md-12&#8243;][vc_empty_space height=&#8221;8px&#8221;][vc_single_image image=&#8221;6515&#8243; alignment=&#8221;center&#8221;][vc_column_text]Jos sinulla on kysytt\u00e4v\u00e4\u00e4 ilmoittautumisesta tai esimerkiksi webinaareiden aihesta, otathan yhteytt\u00e4: info@thewind.fi[\/vc_column_text][vc_empty_space height=&#8221;8px&#8221;][vc_single_image image=&#8221;6447&#8243; alignment=&#8221;center&#8221;][\/vc_column][\/vc_row]","og_url":"https:\/\/www.thewind.fi\/en\/pq-positive-intelligence-webinaarit-ilmoittaudu\/","og_site_name":"Thewind","article_publisher":"https:\/\/www.facebook.com\/thewindconsulting\/","article_modified_time":"2024-12-19T13:35:46+00:00","og_image":[{"width":756,"height":756,"url":"https:\/\/www.thewind.fi\/thewind-fi\/wp-content\/uploads\/2023\/11\/PQ.jpg","type":"image\/jpeg"}],"twitter_card":"summary_large_image","twitter_misc":{"Est. reading time":"2 minutes"},"schema":{"@context":"https:\/\/schema.org","@graph":[{"@type":"WebPage","@id":"https:\/\/www.thewind.fi\/en\/pq-positive-intelligence-webinaarit-ilmoittaudu\/","url":"https:\/\/www.thewind.fi\/en\/pq-positive-intelligence-webinaarit-ilmoittaudu\/","name":"PQ Caf\u00e9 webinaarit - ilmoittaudu - Thewind","isPartOf":{"@id":"https:\/\/www.thewind.fi\/en\/#website"},"primaryImageOfPage":{"@id":"https:\/\/www.thewind.fi\/en\/pq-positive-intelligence-webinaarit-ilmoittaudu\/#primaryimage"},"image":{"@id":"https:\/\/www.thewind.fi\/en\/pq-positive-intelligence-webinaarit-ilmoittaudu\/#primaryimage"},"thumbnailUrl":"https:\/\/www.thewind.fi\/thewind-fi\/wp-content\/uploads\/2023\/11\/PQ.jpg","datePublished":"2024-08-15T10:26:19+00:00","dateModified":"2024-12-19T13:35:46+00:00","breadcrumb":{"@id":"https:\/\/www.thewind.fi\/en\/pq-positive-intelligence-webinaarit-ilmoittaudu\/#breadcrumb"},"inLanguage":"en-US","potentialAction":[{"@type":"ReadAction","target":["https:\/\/www.thewind.fi\/en\/pq-positive-intelligence-webinaarit-ilmoittaudu\/"]}]},{"@type":"ImageObject","inLanguage":"en-US","@id":"https:\/\/www.thewind.fi\/en\/pq-positive-intelligence-webinaarit-ilmoittaudu\/#primaryimage","url":"https:\/\/www.thewind.fi\/thewind-fi\/wp-content\/uploads\/2023\/11\/PQ.jpg","contentUrl":"https:\/\/www.thewind.fi\/thewind-fi\/wp-content\/uploads\/2023\/11\/PQ.jpg","width":756,"height":756,"caption":"PQ Positive Intelligence logo"},{"@type":"BreadcrumbList","@id":"https:\/\/www.thewind.fi\/en\/pq-positive-intelligence-webinaarit-ilmoittaudu\/#breadcrumb","itemListElement":[{"@type":"ListItem","position":1,"name":"Home","item":"https:\/\/www.thewind.fi\/en\/"},{"@type":"ListItem","position":2,"name":"PQ Caf\u00e9 webinaarit &#8211; ilmoittaudu"}]},{"@type":"WebSite","@id":"https:\/\/www.thewind.fi\/en\/#website","url":"https:\/\/www.thewind.fi\/en\/","name":"Thewind","description":"Lift people and business.","publisher":{"@id":"https:\/\/www.thewind.fi\/en\/#organization"},"potentialAction":[{"@type":"SearchAction","target":{"@type":"EntryPoint","urlTemplate":"https:\/\/www.thewind.fi\/en\/?s={search_term_string}"},"query-input":{"@type":"PropertyValueSpecification","valueRequired":true,"valueName":"search_term_string"}}],"inLanguage":"en-US"},{"@type":"Organization","@id":"https:\/\/www.thewind.fi\/en\/#organization","name":"Thewind Oy","url":"https:\/\/www.thewind.fi\/en\/","logo":{"@type":"ImageObject","inLanguage":"en-US","@id":"https:\/\/www.thewind.fi\/en\/#\/schema\/logo\/image\/","url":"https:\/\/www.thewind.fi\/thewind-fi\/wp-content\/uploads\/2022\/01\/Thewind-coaching_139_410x182.png","contentUrl":"https:\/\/www.thewind.fi\/thewind-fi\/wp-content\/uploads\/2022\/01\/Thewind-coaching_139_410x182.png","width":410,"height":182,"caption":"Thewind Oy"},"image":{"@id":"https:\/\/www.thewind.fi\/en\/#\/schema\/logo\/image\/"},"sameAs":["https:\/\/www.facebook.com\/thewindconsulting\/","https:\/\/www.instagram.com\/thewindconsulting\/","https:\/\/www.linkedin.com\/company\/thewind"]}]}},"_links":{"self":[{"href":"https:\/\/www.thewind.fi\/en\/wp-json\/wp\/v2\/pages\/9478","targetHints":{"allow":["GET"]}}],"collection":[{"href":"https:\/\/www.thewind.fi\/en\/wp-json\/wp\/v2\/pages"}],"about":[{"href":"https:\/\/www.thewind.fi\/en\/wp-json\/wp\/v2\/types\/page"}],"author":[{"embeddable":true,"href":"https:\/\/www.thewind.fi\/en\/wp-json\/wp\/v2\/users\/3"}],"replies":[{"embeddable":true,"href":"https:\/\/www.thewind.fi\/en\/wp-json\/wp\/v2\/comments?post=9478"}],"version-history":[{"count":22,"href":"https:\/\/www.thewind.fi\/en\/wp-json\/wp\/v2\/pages\/9478\/revisions"}],"predecessor-version":[{"id":10890,"href":"https:\/\/www.thewind.fi\/en\/wp-json\/wp\/v2\/pages\/9478\/revisions\/10890"}],"wp:featuredmedia":[{"embeddable":true,"href":"https:\/\/www.thewind.fi\/en\/wp-json\/wp\/v2\/media\/6447"}],"wp:attachment":[{"href":"https:\/\/www.thewind.fi\/en\/wp-json\/wp\/v2\/media?parent=9478"}],"wp:term":[{"taxonomy":"folder","embeddable":true,"href":"https:\/\/www.thewind.fi\/en\/wp-json\/wp\/v2\/folder?post=9478"}],"curies":[{"name":"wp","href":"https:\/\/api.w.org\/{rel}","templated":true}]}}